{"id":16,"date":"2016-07-01T13:53:45","date_gmt":"2016-07-01T13:53:45","guid":{"rendered":"http:\/\/liedhegener.info\/?page_id=16"},"modified":"2024-01-10T18:20:42","modified_gmt":"2024-01-10T18:20:42","slug":"zur-person","status":"publish","type":"page","link":"https:\/\/liedhegener.info\/?page_id=16","title":{"rendered":"Zur Person"},"content":{"rendered":"<p style=\"text-align: left;\"><img loading=\"lazy\" decoding=\"async\" class=\"wp-image-190 size-thumbnail alignright\" src=\"https:\/\/liedhegener.info\/wp-content\/uploads\/2024\/01\/Foto-AL-2023-v2-150x150.jpg\" alt=\"\" width=\"150\" height=\"150\" \/>Ich bin geb\u00fcrtiger Westfale und stamme aus dem sch\u00f6nen Sauerland. Nach dem Abitur am Franz-Stock-Gymnasium in Neheim-H\u00fcsten (heute Arnsberg 1) f\u00fchrte mein Weg zum Studium nach M\u00fcnster. Dort habe ich an der Westf\u00e4lischen Wilhelms-Universit\u00e4t ab 1984 Geschichte und Katholische Theologie studiert. Nach dem Grundstudium war ich f\u00fcr ein Jahr an der University of Southampton, Studienschwerpunkt: quantitative Methoden f\u00fcr Historiker. 1991 habe ich dann das Studium mit dem Diplom in Katholischer Theologie abgeschlossen. 1996 bin ich ebenfalls in M\u00fcnster im Fach Geschichte promoviert worden. Es folgten sch\u00f6ne und ertragreiche Jahre als Mitarbeiter und Assistent am Institut f\u00fcr Politikwissenschaft der Friedrich-Schiller-Universit\u00e4t Jena. 2005 habe ich mich dort mit der Studie Arbeit &#8222;Macht, Moral und Mehrheiten. Der politische Katholizismus in der Bundesrepublik Deutschland und den USA seit 1960&#8220; habilitiert. Die Forschungen dazu haben mich wiederholt in die USA, insbesondere nach Washington und Chicago gef\u00fchrt.<br \/>\nNach einer kurzen, sehr anregenden Zeit als Lehrstuhlvertreter f\u00fcr Vergleichende Politikwissenschaft an der Europa-Universit\u00e4t Viadrina in Frankfurt (Oder) bin ich zum Herbstsemester 2008 an die Universit\u00e4t Luzern berufen worden. Dort arbeite ich f\u00fcr das<br \/>\n<a href=\"http:\/\/www.zrwp.ch\/en\/masterstudiengang.html\" target=\"_blank\" rel=\"noopener noreferrer\">Zentrum f\u00fcr Religion, Wirtschaft und Politik (ZRWP)<\/a>. Insbesondere bin ich f\u00fcr den interdisziplin\u00e4ren <a href=\"https:\/\/www.zrwp.ch\/uebersicht.html\">Masterstudiengang \u201eReligion \u2013 Wirtschaft \u2013 Politik\u201c<\/a> zust\u00e4ndig. In Forschung und Lehre stehe ich f\u00fcr den Schwerpunkt \u201ePolitik und Religion\u201c im ZRWP. Ein Fellowship des Max-Weber-Kollegs der Universit\u00e4t Erfurt im Wintersemester 2011\/12 hat es mir erlaubt, wichtige Vorhaben der nachfolgenden Jahre vorzubereiten.<\/p>\n<p>Derzeit bin ich Hauptverantwortlicher im SNF-Projekt RPSI, in der gleichen Funktion habe ich f\u00fcr die Schweiz im DFG\/SNF-Projekt KONID mitgewirkt, zudem bin ich Vorsitzender der Studiengangsleitung des Joint Degree <a href=\"https:\/\/www.zrwp.ch\/uebersicht.html\">Master<\/a>s &#8222;Religion &#8211; Wirtschaft &#8211;\u00a0 Politik&#8220; sowie (Mit-)Herausgeber zweier Buchreihen:<\/p>\n<ul>\n<li><a href=\"http:\/\/www.springer.com\/series\/12407\" target=\"_blank\" rel=\"noopener noreferrer\">\u201ePolitik und Religion<\/a>\u201c (VS Springer) und<\/li>\n<li>\u201e<a href=\"http:\/\/www.nomos-shop.de\/trefferListe.aspx?action=reihe&amp;reihe=417&amp;rtoc=0#__utma=98987393.412747085.1342436555.1342436555.1372269457.2&amp;__utmb=98987393.4.8.1372269459606&amp;__utmc=98987393&amp;__utmx=-&amp;__utmz=98987393.1372269457.2.1.utmcsr=google|utmccn=(organic)|utmcmd=organic|utmctr=nomos+reihe+religion+wirtschaft+politik&amp;__utmv=-&amp;__utmk=85490577\" target=\"_blank\" rel=\"noopener noreferrer\">Religion \u2013 Wirtschaft \u2013 Politik<\/a>\u201c (Nomos\/ Pano by TVZ)<\/li>\n<\/ul>\n<p>Ich war langj\u00e4hriger Sprecher des <a href=\"https:\/\/www.dvpw.de\/gliederung\/ak\/politik-und-religion\/homepage.html\" target=\"_blank\" rel=\"noopener noreferrer\">DVPW-Arbeitskreise \u201ePolitik und Religion\u201c<\/a> und Mitglied des universit\u00e4ren <a href=\"http:\/\/www.unilu.ch\/deu\/regie.html\" target=\"_blank\" rel=\"noopener noreferrer\">Forschungsschwerpunkts REGIE<\/a> der Universit\u00e4t Luzern.<\/p>\n<p>Einen ausf\u00fchrlichen CV und meine aktuelle Publikationsliste finden Sie <a href=\"https:\/\/www.unilu.ch\/fakultaeten\/ksf\/institute\/religionswissenschaftliches-seminar\/mitarbeitende\/antonius-liedhegener\/\">hier<\/a>.<\/p>\n","protected":false},"excerpt":{"rendered":"<p class=\"qua-blog-post-description\">Ich bin geb\u00fcrtiger Westfale und stamme aus dem sch\u00f6nen Sauerland. Nach dem Abitur am Franz-Stock-Gymnasium in Neheim-H\u00fcsten (heute Arnsberg 1) f\u00fchrte mein Weg zum Studium nach M\u00fcnster. Dort habe ich an der Westf\u00e4lischen Wilhelms-Universit\u00e4t ab 1984 Geschichte und Katholische Theologie studiert. Nach dem Grundstudium war ich f\u00fcr ein Jahr an der University of Southampton, Studienschwerpunkt: [&hellip;]<\/p>\n","protected":false},"author":1,"featured_media":0,"parent":0,"menu_order":0,"comment_status":"closed","ping_status":"closed","template":"","meta":{"footnotes":""},"_links":{"self":[{"href":"https:\/\/liedhegener.info\/index.php?rest_route=\/wp\/v2\/pages\/16"}],"collection":[{"href":"https:\/\/liedhegener.info\/index.php?rest_route=\/wp\/v2\/pages"}],"about":[{"href":"https:\/\/liedhegener.info\/index.php?rest_route=\/wp\/v2\/types\/page"}],"author":[{"embeddable":true,"href":"https:\/\/liedhegener.info\/index.php?rest_route=\/wp\/v2\/users\/1"}],"replies":[{"embeddable":true,"href":"https:\/\/liedhegener.info\/index.php?rest_route=%2Fwp%2Fv2%2Fcomments&post=16"}],"version-history":[{"count":12,"href":"https:\/\/liedhegener.info\/index.php?rest_route=\/wp\/v2\/pages\/16\/revisions"}],"predecessor-version":[{"id":193,"href":"https:\/\/liedhegener.info\/index.php?rest_route=\/wp\/v2\/pages\/16\/revisions\/193"}],"wp:attachment":[{"href":"https:\/\/liedhegener.info\/index.php?rest_route=%2Fwp%2Fv2%2Fmedia&parent=16"}],"curies":[{"name":"wp","href":"https:\/\/api.w.org\/{rel}","templated":true}]}}